{"id":1845,"date":"2026-04-27T13:36:18","date_gmt":"2026-04-27T13:36:18","guid":{"rendered":"https:\/\/autocarescasaleventos.com\/?page_id=1845"},"modified":"2026-04-29T11:25:12","modified_gmt":"2026-04-29T11:25:12","slug":"centenario-casal","status":"publish","type":"page","link":"https:\/\/autocarescasaleventos.com\/en\/centenario-casal\/","title":{"rendered":"El a\u00f1o conmemorativo de Casal"},"content":{"rendered":"<div data-elementor-type=\"wp-page\" data-elementor-id=\"1845\" class=\"elementor elementor-1845\" data-elementor-post-type=\"page\">\n\t\t\t\t\t\t<section class=\"elementor-section elementor-top-section elementor-element elementor-element-44dd3bf elementor-section-content-middle elementor-section-boxed elementor-section-height-default elementor-section-height-default\" data-id=\"44dd3bf\" data-element_type=\"section\">\n\t\t\t\t\t\t<div class=\"elementor-container elementor-column-gap-default\">\n\t\t\t\t\t<div class=\"elementor-column elementor-col-50 elementor-top-column elementor-element elementor-element-3eecc06\" data-id=\"3eecc06\" data-element_type=\"column\">\n\t\t\t<div class=\"elementor-widget-wrap elementor-element-populated\">\n\t\t\t\t\t\t<div class=\"elementor-element elementor-element-f551e8f elementor-widget elementor-widget-heading\" data-id=\"f551e8f\" data-element_type=\"widget\" data-widget_type=\"heading.default\">\n\t\t\t\t<div class=\"elementor-widget-container\">\n\t\t\t\t\t<h2 class=\"elementor-heading-title elementor-size-default\">CASAL celebra su centenario en 2027<\/h2>\t\t\t\t<\/div>\n\t\t\t\t<\/div>\n\t\t\t\t<div class=\"elementor-element elementor-element-fade817 elementor-widget elementor-widget-text-editor\" data-id=\"fade817\" data-element_type=\"widget\" data-widget_type=\"text-editor.default\">\n\t\t\t\t<div class=\"elementor-widget-container\">\n\t\t\t\t\t\t\t\t\t<p>En mayo de 1927 Antonio Casal Lorenzo detect\u00f3 la necesidad de transportes que hab\u00eda en la Andalucia de la \u00e9poca y compr\u00f3 un veh\u00edculo para que los vecinos del Rosal de la Frontera y Aracena se pudieran trasladar a Sevilla. Para ello dej\u00f3 su trabajo y recurri\u00f3 a unos ahorros que ten\u00eda y le permitieron empezar a cumplir sus sue\u00f1os. La evoluci\u00f3n de los veh\u00edculos a motor durante los a\u00f1os 20 y el ambiente favorable social y econ\u00f3mico hicieron de catalizadores para que se asentara un negocio que no dej\u00f3 de crecer<\/p><p>Dos a\u00f1os despu\u00e9s, la l\u00ednea pas\u00f3 de ser un servicio flexible, a la demanda de los viajeros, a consolidarse como una l\u00ednea regular. No fue un movimiento aislado. Junto a la iniciativa de Empresa Casal, tambi\u00e9n Alberto Fouto impuls\u00f3 este modelo, contribuyendo a estructurar un servicio que, con el tiempo, se convertir\u00eda en parte esencial de la vida cotidiana de la comarca.<\/p><p>Lo que comenz\u00f3 como una iniciativa casi artesanal termin\u00f3 aline\u00e1ndose con una transformaci\u00f3n mucho m\u00e1s amplia. No era solo un veh\u00edculo recorriendo caminos entre pueblos; era el inicio de una red de movilidad que respond\u00eda a cambios econ\u00f3micos, sociales y culturales de mayor escala. Y, sobre todo, era la prueba de que, en momentos de cambio, quienes saben anticiparse no solo crean negocio, sino que moldean el territorio.<\/p>\t\t\t\t\t\t\t\t<\/div>\n\t\t\t\t<\/div>\n\t\t\t\t\t<\/div>\n\t\t<\/div>\n\t\t\t\t<div class=\"elementor-column elementor-col-50 elementor-top-column elementor-element elementor-element-b718c61\" data-id=\"b718c61\" data-element_type=\"column\">\n\t\t\t<div class=\"elementor-widget-wrap elementor-element-populated\">\n\t\t\t\t\t\t<div class=\"elementor-element elementor-element-6639c6d elementor-invisible elementor-widget elementor-widget-image\" data-id=\"6639c6d\" data-element_type=\"widget\" data-settings=\"{&quot;_animation&quot;:&quot;fadeInRight&quot;,&quot;_animation_mobile&quot;:&quot;none&quot;}\" data-widget_type=\"image.default\">\n\t\t\t\t<div class=\"elementor-widget-container\">\n\t\t\t\t\t\t\t\t\t\t\t\t\t\t\t<img fetchpriority=\"high\" decoding=\"async\" width=\"680\" height=\"505\" src=\"https:\/\/autocarescasaleventos.com\/wp-content\/uploads\/2026\/04\/casal-foto-historica2.png\" class=\"attachment-large size-large wp-image-1848\" alt=\"\" srcset=\"https:\/\/autocarescasaleventos.com\/wp-content\/uploads\/2026\/04\/casal-foto-historica2.png 680w, https:\/\/autocarescasaleventos.com\/wp-content\/uploads\/2026\/04\/casal-foto-historica2-539x400.png 539w, https:\/\/autocarescasaleventos.com\/wp-content\/uploads\/2026\/04\/casal-foto-historica2-16x12.png 16w\" sizes=\"(max-width: 680px) 100vw, 680px\" \/>\t\t\t\t\t\t\t\t\t\t\t\t\t\t\t<\/div>\n\t\t\t\t<\/div>\n\t\t\t\t\t<\/div>\n\t\t<\/div>\n\t\t\t\t\t<\/div>\n\t\t<\/section>\n\t\t\t\t<section class=\"elementor-section elementor-top-section elementor-element elementor-element-ab36360 elementor-section-boxed elementor-section-height-default elementor-section-height-default\" data-id=\"ab36360\" data-element_type=\"section\">\n\t\t\t\t\t\t<div class=\"elementor-container elementor-column-gap-default\">\n\t\t\t\t\t<div class=\"elementor-column elementor-col-100 elementor-top-column elementor-element elementor-element-04f3b11\" data-id=\"04f3b11\" data-element_type=\"column\">\n\t\t\t<div class=\"elementor-widget-wrap elementor-element-populated\">\n\t\t\t\t\t\t<div class=\"elementor-element elementor-element-9797347 destacado-koda elementor-widget elementor-widget-heading\" data-id=\"9797347\" data-element_type=\"widget\" data-widget_type=\"heading.default\">\n\t\t\t\t<div class=\"elementor-widget-container\">\n\t\t\t\t\t<p class=\"elementor-heading-title elementor-size-default\">Calendario de actividades...<\/p>\t\t\t\t<\/div>\n\t\t\t\t<\/div>\n\t\t\t\t\t<\/div>\n\t\t<\/div>\n\t\t\t\t\t<\/div>\n\t\t<\/section>\n\t\t\t\t<section class=\"elementor-section elementor-top-section elementor-element elementor-element-b22529f elementor-section-boxed elementor-section-height-default elementor-section-height-default\" data-id=\"b22529f\" data-element_type=\"section\">\n\t\t\t\t\t\t<div class=\"elementor-container elementor-column-gap-default\">\n\t\t\t\t\t<div class=\"elementor-column elementor-col-100 elementor-top-column elementor-element elementor-element-482b088\" data-id=\"482b088\" data-element_type=\"column\">\n\t\t\t<div class=\"elementor-widget-wrap elementor-element-populated\">\n\t\t\t\t\t\t<div class=\"elementor-element elementor-element-333681b elementor-widget elementor-widget-image\" data-id=\"333681b\" data-element_type=\"widget\" data-widget_type=\"image.default\">\n\t\t\t\t<div class=\"elementor-widget-container\">\n\t\t\t\t\t\t\t\t\t\t\t\t\t\t\t<img decoding=\"async\" src=\"https:\/\/autocarescasaleventos.com\/wp-content\/uploads\/2026\/04\/calendario-centenario-casal.png\" title=\"calendario-centenario-casal\" alt=\"calendario-centenario-casal\" loading=\"lazy\" \/>\t\t\t\t\t\t\t\t\t\t\t\t\t\t\t<\/div>\n\t\t\t\t<\/div>\n\t\t\t\t\t<\/div>\n\t\t<\/div>\n\t\t\t\t\t<\/div>\n\t\t<\/section>\n\t\t\t\t<section class=\"elementor-section elementor-top-section elementor-element elementor-element-a9e7e4d elementor-section-boxed elementor-section-height-default elementor-section-height-default\" data-id=\"a9e7e4d\" data-element_type=\"section\">\n\t\t\t\t\t\t<div class=\"elementor-container elementor-column-gap-default\">\n\t\t\t\t\t<div class=\"elementor-column elementor-col-100 elementor-top-column elementor-element elementor-element-1ee6b67\" data-id=\"1ee6b67\" data-element_type=\"column\">\n\t\t\t<div class=\"elementor-widget-wrap elementor-element-populated\">\n\t\t\t\t\t\t<div class=\"elementor-element elementor-element-11d1046 elementor-align-center elementor-widget elementor-widget-button\" data-id=\"11d1046\" data-element_type=\"widget\" data-widget_type=\"button.default\">\n\t\t\t\t<div class=\"elementor-widget-container\">\n\t\t\t\t\t\t\t\t\t<div class=\"elementor-button-wrapper\">\n\t\t\t\t\t<a class=\"elementor-button elementor-button-link elementor-size-sm\" href=\"https:\/\/autocarescasaleventos.com\/wp-content\/uploads\/2026\/04\/1.DOSSIER-PRENSA-CASAL-ABRIL-2026.pdf\">\n\t\t\t\t\t\t<span class=\"elementor-button-content-wrapper\">\n\t\t\t\t\t\t\t\t\t<span class=\"elementor-button-text\">Clipping de prensa<\/span>\n\t\t\t\t\t<\/span>\n\t\t\t\t\t<\/a>\n\t\t\t\t<\/div>\n\t\t\t\t\t\t\t\t<\/div>\n\t\t\t\t<\/div>\n\t\t\t\t\t<\/div>\n\t\t<\/div>\n\t\t\t\t\t<\/div>\n\t\t<\/section>\n\t\t\t\t<section class=\"elementor-section elementor-top-section elementor-element elementor-element-008c7ed elementor-section-boxed elementor-section-height-default elementor-section-height-default\" data-id=\"008c7ed\" data-element_type=\"section\">\n\t\t\t\t\t\t<div class=\"elementor-container elementor-column-gap-default\">\n\t\t\t\t\t<div class=\"elementor-column elementor-col-100 elementor-top-column elementor-element elementor-element-d2792a2\" data-id=\"d2792a2\" data-element_type=\"column\">\n\t\t\t<div class=\"elementor-widget-wrap elementor-element-populated\">\n\t\t\t\t\t\t<div class=\"elementor-element elementor-element-ce2350a elementor-widget elementor-widget-video\" data-id=\"ce2350a\" data-element_type=\"widget\" data-settings=\"{&quot;youtube_url&quot;:&quot;https:\\\/\\\/www.youtube.com\\\/watch?v=EzinfiVUc9U&quot;,&quot;video_type&quot;:&quot;youtube&quot;,&quot;controls&quot;:&quot;yes&quot;}\" data-widget_type=\"video.default\">\n\t\t\t\t<div class=\"elementor-widget-container\">\n\t\t\t\t\t\t\t<div class=\"elementor-wrapper elementor-open-inline\">\n\t\t\t<div class=\"elementor-video\"><\/div>\t\t<\/div>\n\t\t\t\t\t\t<\/div>\n\t\t\t\t<\/div>\n\t\t\t\t\t<\/div>\n\t\t<\/div>\n\t\t\t\t\t<\/div>\n\t\t<\/section>\n\t\t\t\t<\/div>","protected":false},"excerpt":{"rendered":"<p>CASAL celebra su centenario en 2027 En mayo de 1927 Antonio Casal Lorenzo detect\u00f3 la necesidad de transportes que hab\u00eda en la Andalucia de la \u00e9poca y compr\u00f3 un veh\u00edculo para que los vecinos del Rosal de la Frontera y Aracena se pudieran trasladar a Sevilla. Para ello dej\u00f3 su trabajo y recurri\u00f3 a unos &#8230; <a title=\"El a\u00f1o conmemorativo de Casal\" class=\"read-more\" href=\"https:\/\/autocarescasaleventos.com\/en\/centenario-casal\/\" aria-label=\"Read more about El a\u00f1o conmemorativo de Casal\">Read more<\/a><\/p>","protected":false},"author":3,"featured_media":0,"parent":0,"menu_order":0,"comment_status":"closed","ping_status":"closed","template":"","meta":{"inline_featured_image":false,"footnotes":""},"class_list":["post-1845","page","type-page","status-publish"],"yoast_head":"<!-- This site is optimized with the Yoast SEO plugin v25.9 - https:\/\/yoast.com\/wordpress\/plugins\/seo\/ -->\n<title>Alquiler Autobuses Sevilla | Autocares Casal Meetings &amp; Events<\/title>\n<meta name=\"description\" content=\"Alquiler de Autobuses o Autocares en Sevilla. El servicio discrecional de Autocares Casal es un punto de referencia en toda Andaluc\u00eda.\" \/>\n<meta name=\"robots\" content=\"index, follow, max-snippet:-1, max-image-preview:large, max-video-preview:-1\" \/>\n<link rel=\"canonical\" href=\"https:\/\/autocarescasaleventos.com\/en\/centenario-casal\/\" \/>\n<meta property=\"og:locale\" content=\"en_GB\" \/>\n<meta property=\"og:type\" content=\"article\" \/>\n<meta property=\"og:title\" content=\"Alquiler Autobuses Sevilla | Autocares Casal Meetings &amp; Events\" \/>\n<meta property=\"og:description\" content=\"Alquiler de Autobuses o Autocares en Sevilla. El servicio discrecional de Autocares Casal es un punto de referencia en toda Andaluc\u00eda.\" \/>\n<meta property=\"og:url\" content=\"https:\/\/autocarescasaleventos.com\/en\/centenario-casal\/\" \/>\n<meta property=\"og:site_name\" content=\"Autocares Casal Meetings &amp; Events\" \/>\n<meta property=\"article:modified_time\" content=\"2026-04-29T11:25:12+00:00\" \/>\n<meta property=\"og:image\" content=\"https:\/\/autocarescasaleventos.com\/wp-content\/uploads\/2026\/04\/casal-foto-historica2.png\" \/>\n\t<meta property=\"og:image:width\" content=\"680\" \/>\n\t<meta property=\"og:image:height\" content=\"505\" \/>\n\t<meta property=\"og:image:type\" content=\"image\/png\" \/>\n<meta name=\"twitter:card\" content=\"summary_large_image\" \/>\n<meta name=\"twitter:label1\" content=\"Estimated reading time\" \/>\n\t<meta name=\"twitter:data1\" content=\"2 minutes\" \/>\n<script type=\"application\/ld+json\" class=\"yoast-schema-graph\">{\"@context\":\"https:\/\/schema.org\",\"@graph\":[{\"@type\":\"WebPage\",\"@id\":\"https:\/\/autocarescasaleventos.com\/centenario-casal\/\",\"url\":\"https:\/\/autocarescasaleventos.com\/centenario-casal\/\",\"name\":\"Alquiler Autobuses Sevilla | Autocares Casal Meetings & Events\",\"isPartOf\":{\"@id\":\"https:\/\/autocarescasaleventos.com\/#website\"},\"primaryImageOfPage\":{\"@id\":\"https:\/\/autocarescasaleventos.com\/centenario-casal\/#primaryimage\"},\"image\":{\"@id\":\"https:\/\/autocarescasaleventos.com\/centenario-casal\/#primaryimage\"},\"thumbnailUrl\":\"https:\/\/autocarescasaleventos.com\/wp-content\/uploads\/2026\/04\/casal-foto-historica2.png\",\"datePublished\":\"2026-04-27T13:36:18+00:00\",\"dateModified\":\"2026-04-29T11:25:12+00:00\",\"description\":\"Alquiler de Autobuses o Autocares en Sevilla. El servicio discrecional de Autocares Casal es un punto de referencia en toda Andaluc\u00eda.\",\"breadcrumb\":{\"@id\":\"https:\/\/autocarescasaleventos.com\/centenario-casal\/#breadcrumb\"},\"inLanguage\":\"en-GB\",\"potentialAction\":[{\"@type\":\"ReadAction\",\"target\":[\"https:\/\/autocarescasaleventos.com\/centenario-casal\/\"]}]},{\"@type\":\"ImageObject\",\"inLanguage\":\"en-GB\",\"@id\":\"https:\/\/autocarescasaleventos.com\/centenario-casal\/#primaryimage\",\"url\":\"https:\/\/autocarescasaleventos.com\/wp-content\/uploads\/2026\/04\/casal-foto-historica2.png\",\"contentUrl\":\"https:\/\/autocarescasaleventos.com\/wp-content\/uploads\/2026\/04\/casal-foto-historica2.png\"},{\"@type\":\"BreadcrumbList\",\"@id\":\"https:\/\/autocarescasaleventos.com\/centenario-casal\/#breadcrumb\",\"itemListElement\":[{\"@type\":\"ListItem\",\"position\":1,\"name\":\"Portada\",\"item\":\"https:\/\/autocarescasaleventos.com\/\"},{\"@type\":\"ListItem\",\"position\":2,\"name\":\"El a\u00f1o conmemorativo de Casal\"}]},{\"@type\":\"WebSite\",\"@id\":\"https:\/\/autocarescasaleventos.com\/#website\",\"url\":\"https:\/\/autocarescasaleventos.com\/\",\"name\":\"Autocares Casal Meetings & Events\",\"description\":\"\",\"publisher\":{\"@id\":\"https:\/\/autocarescasaleventos.com\/#organization\"},\"potentialAction\":[{\"@type\":\"SearchAction\",\"target\":{\"@type\":\"EntryPoint\",\"urlTemplate\":\"https:\/\/autocarescasaleventos.com\/?s={search_term_string}\"},\"query-input\":{\"@type\":\"PropertyValueSpecification\",\"valueRequired\":true,\"valueName\":\"search_term_string\"}}],\"inLanguage\":\"en-GB\"},{\"@type\":\"Organization\",\"@id\":\"https:\/\/autocarescasaleventos.com\/#organization\",\"name\":\"Casal Meetings & Events\",\"url\":\"https:\/\/autocarescasaleventos.com\/\",\"logo\":{\"@type\":\"ImageObject\",\"inLanguage\":\"en-GB\",\"@id\":\"https:\/\/autocarescasaleventos.com\/#\/schema\/logo\/image\/\",\"url\":\"https:\/\/autocarescasaleventos.com\/wp-content\/uploads\/2021\/05\/logotipo.svg\",\"contentUrl\":\"https:\/\/autocarescasaleventos.com\/wp-content\/uploads\/2021\/05\/logotipo.svg\",\"width\":1190,\"height\":504,\"caption\":\"Casal Meetings & Events\"},\"image\":{\"@id\":\"https:\/\/autocarescasaleventos.com\/#\/schema\/logo\/image\/\"},\"sameAs\":[\"http:\/\/es.linkedin.com\/company\/autocares-casal-servicio-discrecional\",\"https:\/\/www.instagram.com\/casalmeetingsevents\/\"]}]}<\/script>\n<!-- \/ Yoast SEO plugin. -->","yoast_head_json":{"title":"Alquiler Autobuses Sevilla | Autocares Casal Meetings & Events","description":"Alquiler de Autobuses o Autocares en Sevilla. El servicio discrecional de Autocares Casal es un punto de referencia en toda Andaluc\u00eda.","robots":{"index":"index","follow":"follow","max-snippet":"max-snippet:-1","max-image-preview":"max-image-preview:large","max-video-preview":"max-video-preview:-1"},"canonical":"https:\/\/autocarescasaleventos.com\/en\/centenario-casal\/","og_locale":"en_GB","og_type":"article","og_title":"Alquiler Autobuses Sevilla | Autocares Casal Meetings & Events","og_description":"Alquiler de Autobuses o Autocares en Sevilla. El servicio discrecional de Autocares Casal es un punto de referencia en toda Andaluc\u00eda.","og_url":"https:\/\/autocarescasaleventos.com\/en\/centenario-casal\/","og_site_name":"Autocares Casal Meetings &amp; Events","article_modified_time":"2026-04-29T11:25:12+00:00","og_image":[{"width":680,"height":505,"url":"https:\/\/autocarescasaleventos.com\/wp-content\/uploads\/2026\/04\/casal-foto-historica2.png","type":"image\/png"}],"twitter_card":"summary_large_image","twitter_misc":{"Estimated reading time":"2 minutes"},"schema":{"@context":"https:\/\/schema.org","@graph":[{"@type":"WebPage","@id":"https:\/\/autocarescasaleventos.com\/centenario-casal\/","url":"https:\/\/autocarescasaleventos.com\/centenario-casal\/","name":"Alquiler Autobuses Sevilla | Autocares Casal Meetings & Events","isPartOf":{"@id":"https:\/\/autocarescasaleventos.com\/#website"},"primaryImageOfPage":{"@id":"https:\/\/autocarescasaleventos.com\/centenario-casal\/#primaryimage"},"image":{"@id":"https:\/\/autocarescasaleventos.com\/centenario-casal\/#primaryimage"},"thumbnailUrl":"https:\/\/autocarescasaleventos.com\/wp-content\/uploads\/2026\/04\/casal-foto-historica2.png","datePublished":"2026-04-27T13:36:18+00:00","dateModified":"2026-04-29T11:25:12+00:00","description":"Alquiler de Autobuses o Autocares en Sevilla. El servicio discrecional de Autocares Casal es un punto de referencia en toda Andaluc\u00eda.","breadcrumb":{"@id":"https:\/\/autocarescasaleventos.com\/centenario-casal\/#breadcrumb"},"inLanguage":"en-GB","potentialAction":[{"@type":"ReadAction","target":["https:\/\/autocarescasaleventos.com\/centenario-casal\/"]}]},{"@type":"ImageObject","inLanguage":"en-GB","@id":"https:\/\/autocarescasaleventos.com\/centenario-casal\/#primaryimage","url":"https:\/\/autocarescasaleventos.com\/wp-content\/uploads\/2026\/04\/casal-foto-historica2.png","contentUrl":"https:\/\/autocarescasaleventos.com\/wp-content\/uploads\/2026\/04\/casal-foto-historica2.png"},{"@type":"BreadcrumbList","@id":"https:\/\/autocarescasaleventos.com\/centenario-casal\/#breadcrumb","itemListElement":[{"@type":"ListItem","position":1,"name":"Portada","item":"https:\/\/autocarescasaleventos.com\/"},{"@type":"ListItem","position":2,"name":"El a\u00f1o conmemorativo de Casal"}]},{"@type":"WebSite","@id":"https:\/\/autocarescasaleventos.com\/#website","url":"https:\/\/autocarescasaleventos.com\/","name":"Autocares Casal Meetings & Events","description":"","publisher":{"@id":"https:\/\/autocarescasaleventos.com\/#organization"},"potentialAction":[{"@type":"SearchAction","target":{"@type":"EntryPoint","urlTemplate":"https:\/\/autocarescasaleventos.com\/?s={search_term_string}"},"query-input":{"@type":"PropertyValueSpecification","valueRequired":true,"valueName":"search_term_string"}}],"inLanguage":"en-GB"},{"@type":"Organization","@id":"https:\/\/autocarescasaleventos.com\/#organization","name":"Casal Meetings & Events","url":"https:\/\/autocarescasaleventos.com\/","logo":{"@type":"ImageObject","inLanguage":"en-GB","@id":"https:\/\/autocarescasaleventos.com\/#\/schema\/logo\/image\/","url":"https:\/\/autocarescasaleventos.com\/wp-content\/uploads\/2021\/05\/logotipo.svg","contentUrl":"https:\/\/autocarescasaleventos.com\/wp-content\/uploads\/2021\/05\/logotipo.svg","width":1190,"height":504,"caption":"Casal Meetings & Events"},"image":{"@id":"https:\/\/autocarescasaleventos.com\/#\/schema\/logo\/image\/"},"sameAs":["http:\/\/es.linkedin.com\/company\/autocares-casal-servicio-discrecional","https:\/\/www.instagram.com\/casalmeetingsevents\/"]}]}},"_links":{"self":[{"href":"https:\/\/autocarescasaleventos.com\/en\/wp-json\/wp\/v2\/pages\/1845","targetHints":{"allow":["GET"]}}],"collection":[{"href":"https:\/\/autocarescasaleventos.com\/en\/wp-json\/wp\/v2\/pages"}],"about":[{"href":"https:\/\/autocarescasaleventos.com\/en\/wp-json\/wp\/v2\/types\/page"}],"author":[{"embeddable":true,"href":"https:\/\/autocarescasaleventos.com\/en\/wp-json\/wp\/v2\/users\/3"}],"replies":[{"embeddable":true,"href":"https:\/\/autocarescasaleventos.com\/en\/wp-json\/wp\/v2\/comments?post=1845"}],"version-history":[{"count":13,"href":"https:\/\/autocarescasaleventos.com\/en\/wp-json\/wp\/v2\/pages\/1845\/revisions"}],"predecessor-version":[{"id":1980,"href":"https:\/\/autocarescasaleventos.com\/en\/wp-json\/wp\/v2\/pages\/1845\/revisions\/1980"}],"wp:attachment":[{"href":"https:\/\/autocarescasaleventos.com\/en\/wp-json\/wp\/v2\/media?parent=1845"}],"curies":[{"name":"wp","href":"https:\/\/api.w.org\/{rel}","templated":true}]}}